{"id":3,"date":"2024-08-28T14:03:26","date_gmt":"2024-08-28T14:03:26","guid":{"rendered":"http:\/\/comprodiverso.com\/?page_id=3"},"modified":"2025-07-05T01:02:06","modified_gmt":"2025-07-05T01:02:06","slug":"avis-de-confidentialite","status":"publish","type":"page","link":"https:\/\/comprodiverso.com\/fr\/avis-de-confidentialite\/","title":{"rendered":"Avis de confidentialit\u00e9"},"content":{"rendered":"<h4 class=\"wp-block-heading\"><strong>L'IDENTIT\u00c9 ET L'ADRESSE DE LA PERSONNE RESPONSABLE<\/strong><\/h4>\n\n\n\n<p>Sur la base des articles 15 et 16 de la <strong>Loi f\u00e9d\u00e9rale sur la protection des donn\u00e9es personnelles d\u00e9tenues par des personnes priv\u00e9es<\/strong> et son r\u00e8glement, il est rapport\u00e9 que <strong>Zombusiness S. A. de C. V.<\/strong>une soci\u00e9t\u00e9 l\u00e9galement constitu\u00e9e et <strong>titulaire de la marque ComproDiverso<\/strong>r\u00e9sidant \u00e0 <strong>Torre Chapultepec Uno, Paseo de la Reforma 509, Piso 16, Suite 1662, Col. Cuauht\u00e9moc, Alcald\u00eda Cuauht\u00e9moc, C.P. 06500, Mexico City, Mexique.<\/strong>est responsable du traitement de vos donn\u00e9es personnelles.<\/p>\n\n\n\n<div style=\"height:30px\" aria-hidden=\"true\" class=\"wp-block-spacer\"><\/div>\n\n\n\n<hr class=\"wp-block-separator has-alpha-channel-opacity is-style-default\"\/>\n\n\n\n<div style=\"height:50px\" aria-hidden=\"true\" class=\"wp-block-spacer\"><\/div>\n\n\n\n<h4 class=\"wp-block-heading\"><strong>COLLECTE DE DONN\u00c9ES \u00c0 CARACT\u00c8RE PERSONNEL<\/strong><\/h4>\n\n\n\n<p>ComproDiverso agira toujours en conformit\u00e9 avec les principes suivants <strong>la l\u00e9galit\u00e9, le consentement, l'information, la qualit\u00e9, la finalit\u00e9, l'\u00e9quit\u00e9, la proportionnalit\u00e9 et la responsabilit\u00e9<\/strong>.<\/p>\n\n\n\n<p>Les donn\u00e9es \u00e0 caract\u00e8re personnel que nous pouvons vous demander comprennent, sans s'y limiter, les \u00e9l\u00e9ments suivants :<\/p>\n\n\n\n<ul class=\"wp-block-list\">\n<li>nom(s) et pr\u00e9nom(s)<\/li>\n\n\n\n<li>adresse<\/li>\n\n\n\n<li>t\u00e9l\u00e9phone<\/li>\n\n\n\n<li>e-mail<\/li>\n\n\n\n<li>des informations relatives \u00e0 votre activit\u00e9 ou \u00e0 votre entreprise.<\/li>\n<\/ul>\n\n\n\n<div style=\"height:30px\" aria-hidden=\"true\" class=\"wp-block-spacer\"><\/div>\n\n\n\n<hr class=\"wp-block-separator has-alpha-channel-opacity is-style-default\"\/>\n\n\n\n<div style=\"height:50px\" aria-hidden=\"true\" class=\"wp-block-spacer\"><\/div>\n\n\n\n<h4 class=\"wp-block-heading\"><strong>LES FINALIT\u00c9S DU TRAITEMENT<\/strong><\/h4>\n\n\n\n<p>Les donn\u00e9es personnelles seront utilis\u00e9es aux fins suivantes :<\/p>\n\n\n\n<ul class=\"wp-block-list\">\n<li>\u00e9tablir et maintenir la communication sur nos activit\u00e9s, \u00e9v\u00e9nements et initiatives ;<\/li>\n\n\n\n<li>g\u00e9n\u00e9rer des statistiques et des analyses sur le secteur des acheteurs, des fournisseurs et des recruteurs au Mexique ;<\/li>\n\n\n\n<li>promouvoir les possibilit\u00e9s de mise en r\u00e9seau, de formation et de d\u00e9veloppement commercial parmi les membres du r\u00e9seau ;<\/li>\n\n\n\n<li>partager des informations sur les programmes, les appels \u00e0 propositions et les \u00e9v\u00e9nements pertinents li\u00e9s \u00e0 l'inclusion, \u00e0 la diversit\u00e9 et au d\u00e9veloppement des entreprises.<\/li>\n<\/ul>\n\n\n\n<div style=\"height:30px\" aria-hidden=\"true\" class=\"wp-block-spacer\"><\/div>\n\n\n\n<hr class=\"wp-block-separator has-alpha-channel-opacity is-style-default\"\/>\n\n\n\n<div style=\"height:50px\" aria-hidden=\"true\" class=\"wp-block-spacer\"><\/div>\n\n\n\n<h4 class=\"wp-block-heading\"><strong>LES DONN\u00c9ES PERSONNELLES SENSIBLES<\/strong><\/h4>\n\n\n\n<p><strong>ComproDiverso ne collecte pas de donn\u00e9es personnelles sensibles.<\/strong> et ne g\u00e8re pas de bases de donn\u00e9es contenant de telles informations.<\/p>\n\n\n\n<div style=\"height:30px\" aria-hidden=\"true\" class=\"wp-block-spacer\"><\/div>\n\n\n\n<hr class=\"wp-block-separator has-alpha-channel-opacity is-style-default\"\/>\n\n\n\n<div style=\"height:50px\" aria-hidden=\"true\" class=\"wp-block-spacer\"><\/div>\n\n\n\n<h4 class=\"wp-block-heading\"><strong>TRANSFERT DE DONN\u00c9ES \u00c0 CARACT\u00c8RE PERSONNEL<\/strong><\/h4>\n\n\n\n<p><strong>ComproDiverso<\/strong> <strong>ne partagera pas vos donn\u00e9es personnelles avec des tiers sans votre consentement explicite.<\/strong>. S'il est n\u00e9cessaire de transf\u00e9rer vos donn\u00e9es \u00e0 une soci\u00e9t\u00e9 affili\u00e9e ou alli\u00e9e pour la r\u00e9alisation des objectifs d\u00e9crits ci-dessus, vous en serez inform\u00e9 par courrier \u00e9lectronique, en expliquant l'objectif de ce transfert.<\/p>\n\n\n\n<p>L'information <strong>ne sera partag\u00e9e qu'avec l'autorisation expresse du propri\u00e9taire.<\/strong>. Si nous ne recevons pas cette autorisation, vos donn\u00e9es ne seront en aucun cas partag\u00e9es.<\/p>\n\n\n\n<div style=\"height:30px\" aria-hidden=\"true\" class=\"wp-block-spacer\"><\/div>\n\n\n\n<hr class=\"wp-block-separator has-alpha-channel-opacity is-style-default\"\/>\n\n\n\n<div style=\"height:50px\" aria-hidden=\"true\" class=\"wp-block-spacer\"><\/div>\n\n\n\n<h4 class=\"wp-block-heading\"><strong>LES DROITS D'ARC (ACC\u00c8S, RECTIFICATION, ANNULATION ET OPPOSITION)<\/strong><\/h4>\n\n\n\n<p>En tant que personne concern\u00e9e, vous pouvez \u00e0 tout moment exercer vos droits pour <strong>acc\u00e8s, rectification, annulation et opposition<\/strong> (ARCO) en envoyant une demande \u00e0 l'adresse \u00e9lectronique suivante <a href=\"mailto:contacto@comprodiverso.com\">contacto@comprodiverso.com<\/a>ou en l'envoyant directement \u00e0 nos bureaux.<\/p>\n\n\n\n<p>La demande doit contenir<\/p>\n\n\n\n<ul class=\"wp-block-list\">\n<li>nom complet et moyens de contact (e-mail, adresse ou t\u00e9l\u00e9phone)<\/li>\n\n\n\n<li>copie d'une pi\u00e8ce d'identit\u00e9 officielle en cours de validit\u00e9<\/li>\n\n\n\n<li>une description claire du droit que vous souhaitez exercer.<\/li>\n<\/ul>\n\n\n\n<p>En cas de rectification, veuillez joindre les pi\u00e8ces justificatives.<\/p>\n\n\n\n<p><strong>ComproDiverso<\/strong> s'engage \u00e0 r\u00e9pondre dans un d\u00e9lai maximum de <strong>20 jours ouvrables<\/strong> \u00e0 compter de la date de r\u00e9ception de votre demande.<\/p>\n\n\n\n<div style=\"height:30px\" aria-hidden=\"true\" class=\"wp-block-spacer\"><\/div>\n\n\n\n<hr class=\"wp-block-separator has-alpha-channel-opacity is-style-default\"\/>\n\n\n\n<div style=\"height:50px\" aria-hidden=\"true\" class=\"wp-block-spacer\"><\/div>\n\n\n\n<h4 class=\"wp-block-heading\"><strong>COMMENTAIRES<\/strong><\/h4>\n\n\n\n<p>Lorsque les visiteurs laissent des commentaires sur le site, nous recueillons les donn\u00e9es affich\u00e9es dans le formulaire de commentaire, ainsi que l'adresse IP du visiteur et la cha\u00eene de l'agent utilisateur du navigateur, afin de faciliter la d\u00e9tection des spams.<\/p>\n\n\n\n<p>Une cha\u00eene de caract\u00e8res anonyme cr\u00e9\u00e9e \u00e0 partir de votre adresse \u00e9lectronique (\u00e9galement appel\u00e9e \"code\"). <em>hachage<\/em>) peut \u00eatre fourni au service Gravatar pour v\u00e9rifier si vous l'utilisez. La politique de confidentialit\u00e9 du service Gravatar est disponible ici :\u00a0<a href=\"https:\/\/automattic.com\/privacy\/\">https:\/\/automattic.com\/privacy\/<\/a>.<\/p>\n\n\n\n<p>Apr\u00e8s approbation de votre commentaire, votre photo de profil sera visible par le public dans le contexte de votre commentaire.<\/p>\n\n\n\n<div style=\"height:30px\" aria-hidden=\"true\" class=\"wp-block-spacer\"><\/div>\n\n\n\n<hr class=\"wp-block-separator has-alpha-channel-opacity is-style-default\"\/>\n\n\n\n<div style=\"height:50px\" aria-hidden=\"true\" class=\"wp-block-spacer\"><\/div>\n\n\n\n<h4 class=\"wp-block-heading\"><strong>MEDIA<\/strong><\/h4>\n\n\n\n<p>Si vous t\u00e9l\u00e9chargez des images sur le site web, vous devez \u00e9viter de t\u00e9l\u00e9charger des images contenant des donn\u00e9es de localisation int\u00e9gr\u00e9es (EXIF GPS). Les visiteurs du site web peuvent t\u00e9l\u00e9charger et extraire toutes les donn\u00e9es de localisation des images publi\u00e9es sur le site.<\/p>\n\n\n\n<div style=\"height:30px\" aria-hidden=\"true\" class=\"wp-block-spacer\"><\/div>\n\n\n\n<hr class=\"wp-block-separator has-alpha-channel-opacity is-style-default\"\/>\n\n\n\n<div style=\"height:50px\" aria-hidden=\"true\" class=\"wp-block-spacer\"><\/div>\n\n\n\n<h4 class=\"wp-block-heading\"><strong>COOKIES<\/strong><\/h4>\n\n\n\n<p>Si vous laissez un commentaire sur notre site, vous pouvez choisir d'enregistrer votre nom, votre adresse \u00e9lectronique et votre site web \u00e0 l'adresse suivante <em>biscuits<\/em>. C'est pour votre commodit\u00e9, afin que vous n'ayez pas \u00e0 saisir \u00e0 nouveau vos coordonn\u00e9es lorsque vous laissez un autre commentaire. Vous \u00eates \u00e0 <em>biscuits<\/em> durera un an.<\/p>\n\n\n\n<p>Si vous vous rendez sur notre page de connexion, nous mettrons en place un syst\u00e8me d'acc\u00e8s \u00e0 l'internet. <em>biscuit<\/em> pour d\u00e9terminer si votre navigateur accepte <em>biscuits<\/em>. Cette <em>biscuit<\/em> ne contient aucune donn\u00e9e personnelle et est supprim\u00e9e lorsque vous fermez votre navigateur.<\/p>\n\n\n\n<p>Lorsque vous vous connecterez, nous mettrons \u00e9galement en place plusieurs <em>biscuits<\/em> pour enregistrer vos informations de connexion et vos pr\u00e9f\u00e9rences d'affichage \u00e0 l'\u00e9cran. L'\u00e9cran <em>biscuits<\/em> La p\u00e9riode de connexion dure deux jours, et la <em>biscuits<\/em> Les options d'\u00e9cran sont valables pendant un an. Si vous s\u00e9lectionnez \"Se souvenir de moi\", votre connexion sera conserv\u00e9e pendant deux semaines. Si vous vous d\u00e9connectez de votre compte, l'\u00e9cran <em>biscuits<\/em> seront supprim\u00e9es.<\/p>\n\n\n\n<p>Si vous modifiez ou publiez un article, il sera sauvegard\u00e9 en tant que <em>biscuit<\/em> dans votre navigateur. Ce projet <em>biscuit<\/em> ne contient pas de donn\u00e9es personnelles et indique simplement l'identifiant de publication de l'article que vous venez d'\u00e9diter. Il expire au bout d'un jour.<\/p>\n\n\n\n<div style=\"height:30px\" aria-hidden=\"true\" class=\"wp-block-spacer\"><\/div>\n\n\n\n<hr class=\"wp-block-separator has-alpha-channel-opacity is-style-default\"\/>\n\n\n\n<div style=\"height:50px\" aria-hidden=\"true\" class=\"wp-block-spacer\"><\/div>\n\n\n\n<h4 class=\"wp-block-heading\"><strong>CONTENU INT\u00c9GR\u00c9 D'AUTRES SITES WEB<\/strong><\/h4>\n\n\n\n<p>Les articles de ce site peuvent contenir du contenu int\u00e9gr\u00e9 (par exemple des vid\u00e9os, des images, des articles, etc.). Le contenu int\u00e9gr\u00e9 provenant d'autres sites web se comporte de la m\u00eame mani\u00e8re que si le visiteur s'\u00e9tait rendu directement sur le site en question.<\/p>\n\n\n\n<p>Ces sites web peuvent collecter des donn\u00e9es vous concernant, utiliser <em>biscuits<\/em>int\u00e9grer un suivi suppl\u00e9mentaire de la part de tiers et surveiller votre interaction avec ce contenu int\u00e9gr\u00e9, y compris le suivi de votre interaction si vous avez un compte et que vous \u00eates connect\u00e9 \u00e0 ce site web.<\/p>\n\n\n\n<div style=\"height:30px\" aria-hidden=\"true\" class=\"wp-block-spacer\"><\/div>\n\n\n\n<hr class=\"wp-block-separator has-alpha-channel-opacity is-style-default\"\/>\n\n\n\n<div style=\"height:50px\" aria-hidden=\"true\" class=\"wp-block-spacer\"><\/div>\n\n\n\n<h4 class=\"wp-block-heading\"><strong>LA DUR\u00c9E DE CONSERVATION DE VOS DONN\u00c9ES<\/strong><\/h4>\n\n\n\n<p>Si vous laissez un commentaire, celui-ci et ses m\u00e9tadonn\u00e9es sont conserv\u00e9s ind\u00e9finiment. Cela nous permet de reconna\u00eetre et d'approuver automatiquement les commentaires ult\u00e9rieurs plut\u00f4t que de les conserver dans une file d'attente de mod\u00e9ration.<\/p>\n\n\n\n<p>Pour les utilisateurs qui s'inscrivent sur notre site web (le cas \u00e9ch\u00e9ant), nous stockons \u00e9galement les informations personnelles qu'ils fournissent dans leur profil d'utilisateur. Tous les utilisateurs peuvent consulter, modifier ou supprimer leurs informations personnelles \u00e0 tout moment (\u00e0 l'exception du nom d'utilisateur, qui ne peut \u00eatre modifi\u00e9). Les administrateurs du site web peuvent \u00e9galement consulter et modifier ces informations.<\/p>\n\n\n\n<div style=\"height:30px\" aria-hidden=\"true\" class=\"wp-block-spacer\"><\/div>\n\n\n\n<hr class=\"wp-block-separator has-alpha-channel-opacity is-style-default\"\/>\n\n\n\n<div style=\"height:50px\" aria-hidden=\"true\" class=\"wp-block-spacer\"><\/div>\n\n\n\n<p>Date de la derni\u00e8re mise \u00e0 jour : <strong>04 juillet 2025<\/strong><\/p>","protected":false},"excerpt":{"rendered":"<p>IDENTIDAD Y DOMICILIO DEL RESPONSABLE Con fundamento en los art\u00edculos 15 y 16 de la Ley Federal de Protecci\u00f3n de Datos Personales en Posesi\u00f3n de los Particulares y su Reglamento, se informa que Zombusiness S. A. de C. V., empresa legalmente constituida y titular de la marca registrada ComproDiverso, con domicilio en Torre Chapultepec Uno, [&hellip;]<\/p>\n","protected":false},"author":1,"featured_media":0,"parent":0,"menu_order":0,"comment_status":"closed","ping_status":"closed","template":"","meta":{"footnotes":""},"class_list":["post-3","page","type-page","status-publish","hentry"],"_links":{"self":[{"href":"https:\/\/comprodiverso.com\/fr\/wp-json\/wp\/v2\/pages\/3","targetHints":{"allow":["GET"]}}],"collection":[{"href":"https:\/\/comprodiverso.com\/fr\/wp-json\/wp\/v2\/pages"}],"about":[{"href":"https:\/\/comprodiverso.com\/fr\/wp-json\/wp\/v2\/types\/page"}],"author":[{"embeddable":true,"href":"https:\/\/comprodiverso.com\/fr\/wp-json\/wp\/v2\/users\/1"}],"replies":[{"embeddable":true,"href":"https:\/\/comprodiverso.com\/fr\/wp-json\/wp\/v2\/comments?post=3"}],"version-history":[{"count":5,"href":"https:\/\/comprodiverso.com\/fr\/wp-json\/wp\/v2\/pages\/3\/revisions"}],"predecessor-version":[{"id":3071,"href":"https:\/\/comprodiverso.com\/fr\/wp-json\/wp\/v2\/pages\/3\/revisions\/3071"}],"wp:attachment":[{"href":"https:\/\/comprodiverso.com\/fr\/wp-json\/wp\/v2\/media?parent=3"}],"curies":[{"name":"wp","href":"https:\/\/api.w.org\/{rel}","templated":true}]}}