{"id":3,"date":"2024-08-28T14:03:26","date_gmt":"2024-08-28T14:03:26","guid":{"rendered":"http:\/\/comprodiverso.com\/?page_id=3"},"modified":"2025-07-05T01:02:06","modified_gmt":"2025-07-05T01:02:06","slug":"aviso-de-privacidade","status":"publish","type":"page","link":"https:\/\/comprodiverso.com\/pt\/aviso-de-privacidade\/","title":{"rendered":"Aviso de privacidade"},"content":{"rendered":"<h4 class=\"wp-block-heading\"><strong>IDENTIDADE E ENDERE\u00c7O DA PESSOA RESPONS\u00c1VEL<\/strong><\/h4>\n\n\n\n<p>Com base nos artigos 15 e 16 do <strong>Lei Federal sobre Prote\u00e7\u00e3o de Dados Pessoais Mantidos por Partes Privadas<\/strong> e seu Regulamento, \u00e9 relatado que <strong>Zombusiness S. A. de C. V.<\/strong>, uma empresa legalmente constitu\u00edda e <strong>detentor da marca registrada ComproDiverso<\/strong>residente em <strong>Torre Chapultepec Uno, Paseo de la Reforma 509, Piso 16, Suite 1662, Col. Cuauht\u00e9moc, Alcald\u00eda Cuauht\u00e9moc, C.P. 06500, Cidade do M\u00e9xico, M\u00e9xico.<\/strong>\u00e9 respons\u00e1vel pelo processamento de seus dados pessoais.<\/p>\n\n\n\n<div style=\"height:30px\" aria-hidden=\"true\" class=\"wp-block-spacer\"><\/div>\n\n\n\n<hr class=\"wp-block-separator has-alpha-channel-opacity is-style-default\"\/>\n\n\n\n<div style=\"height:50px\" aria-hidden=\"true\" class=\"wp-block-spacer\"><\/div>\n\n\n\n<h4 class=\"wp-block-heading\"><strong>COLETA DE DADOS PESSOAIS<\/strong><\/h4>\n\n\n\n<p>A ComproDiverso agir\u00e1 sempre de acordo com os princ\u00edpios de <strong>legalidade, consentimento, informa\u00e7\u00f5es, qualidade, finalidade, justi\u00e7a, proporcionalidade e responsabilidade<\/strong>.<\/p>\n\n\n\n<p>Os dados pessoais que podemos solicitar incluem, mas n\u00e3o se limitam a:<\/p>\n\n\n\n<ul class=\"wp-block-list\">\n<li>nome(s) e sobrenome(s)<\/li>\n\n\n\n<li>endere\u00e7o<\/li>\n\n\n\n<li>telefone<\/li>\n\n\n\n<li>e-mail<\/li>\n\n\n\n<li>informa\u00e7\u00f5es relacionadas ao seu neg\u00f3cio ou empresa.<\/li>\n<\/ul>\n\n\n\n<div style=\"height:30px\" aria-hidden=\"true\" class=\"wp-block-spacer\"><\/div>\n\n\n\n<hr class=\"wp-block-separator has-alpha-channel-opacity is-style-default\"\/>\n\n\n\n<div style=\"height:50px\" aria-hidden=\"true\" class=\"wp-block-spacer\"><\/div>\n\n\n\n<h4 class=\"wp-block-heading\"><strong>FINALIDADES DO PROCESSAMENTO<\/strong><\/h4>\n\n\n\n<p>Os dados pessoais ser\u00e3o usados para as seguintes finalidades:<\/p>\n\n\n\n<ul class=\"wp-block-list\">\n<li>estabelecer e manter comunica\u00e7\u00e3o sobre nossas atividades, eventos e iniciativas;<\/li>\n\n\n\n<li>gerar estat\u00edsticas e an\u00e1lises do setor diversificado de compradores, fornecedores e recrutadores no M\u00e9xico;<\/li>\n\n\n\n<li>promover oportunidades de networking, treinamento e desenvolvimento de neg\u00f3cios entre os membros da rede;<\/li>\n\n\n\n<li>compartilhar informa\u00e7\u00f5es sobre programas, chamadas para propostas e eventos relevantes relacionados \u00e0 inclus\u00e3o, diversidade e desenvolvimento de neg\u00f3cios.<\/li>\n<\/ul>\n\n\n\n<div style=\"height:30px\" aria-hidden=\"true\" class=\"wp-block-spacer\"><\/div>\n\n\n\n<hr class=\"wp-block-separator has-alpha-channel-opacity is-style-default\"\/>\n\n\n\n<div style=\"height:50px\" aria-hidden=\"true\" class=\"wp-block-spacer\"><\/div>\n\n\n\n<h4 class=\"wp-block-heading\"><strong>DADOS PESSOAIS CONFIDENCIAIS<\/strong><\/h4>\n\n\n\n<p><strong>A ComproDiverso n\u00e3o coletar\u00e1 dados pessoais sens\u00edveis.<\/strong> e n\u00e3o mant\u00e9m bancos de dados com essas informa\u00e7\u00f5es.<\/p>\n\n\n\n<div style=\"height:30px\" aria-hidden=\"true\" class=\"wp-block-spacer\"><\/div>\n\n\n\n<hr class=\"wp-block-separator has-alpha-channel-opacity is-style-default\"\/>\n\n\n\n<div style=\"height:50px\" aria-hidden=\"true\" class=\"wp-block-spacer\"><\/div>\n\n\n\n<h4 class=\"wp-block-heading\"><strong>TRANSFER\u00caNCIA DE DADOS PESSOAIS<\/strong><\/h4>\n\n\n\n<p><strong>ComproDiverso<\/strong> <strong>n\u00e3o compartilhar\u00e1 seus dados pessoais com terceiros sem seu consentimento expresso.<\/strong>. Caso seja necess\u00e1rio transferir seus dados para qualquer empresa afiliada ou aliada para o cumprimento das finalidades descritas acima, o senhor ser\u00e1 notificado por e-mail, explicando a finalidade de tal transfer\u00eancia.<\/p>\n\n\n\n<p>As informa\u00e7\u00f5es <strong>somente ser\u00e3o compartilhados com a autoriza\u00e7\u00e3o expressa do propriet\u00e1rio.<\/strong>. Se n\u00e3o recebermos essa autoriza\u00e7\u00e3o, seus dados n\u00e3o ser\u00e3o compartilhados em nenhuma circunst\u00e2ncia.<\/p>\n\n\n\n<div style=\"height:30px\" aria-hidden=\"true\" class=\"wp-block-spacer\"><\/div>\n\n\n\n<hr class=\"wp-block-separator has-alpha-channel-opacity is-style-default\"\/>\n\n\n\n<div style=\"height:50px\" aria-hidden=\"true\" class=\"wp-block-spacer\"><\/div>\n\n\n\n<h4 class=\"wp-block-heading\"><strong>DIREITOS DE ARCO (ACESSO, RETIFICA\u00c7\u00c3O, CANCELAMENTO E OPOSI\u00c7\u00c3O)<\/strong><\/h4>\n\n\n\n<p>O senhor, como titular dos dados, pode, a qualquer momento, exercer seus direitos de <strong>acesso, retifica\u00e7\u00e3o, cancelamento e oposi\u00e7\u00e3o<\/strong> (ARCO), enviando uma solicita\u00e7\u00e3o para o seguinte endere\u00e7o de e-mail <a href=\"mailto:contacto@comprodiverso.com\">contacto@comprodiverso.com<\/a>ou enviando-o diretamente aos nossos escrit\u00f3rios.<\/p>\n\n\n\n<p>A solicita\u00e7\u00e3o deve conter:<\/p>\n\n\n\n<ul class=\"wp-block-list\">\n<li>nome completo e meios de contato (e-mail, endere\u00e7o ou telefone)<\/li>\n\n\n\n<li>c\u00f3pia de um documento de identidade oficial v\u00e1lido<\/li>\n\n\n\n<li>uma descri\u00e7\u00e3o clara do direito que o senhor deseja exercer.<\/li>\n<\/ul>\n\n\n\n<p>Em caso de retifica\u00e7\u00e3o, anexe os documentos que comprovem sua solicita\u00e7\u00e3o.<\/p>\n\n\n\n<p><strong>ComproDiverso<\/strong> compromete-se a responder em um prazo m\u00e1ximo de <strong>20 dias \u00fateis<\/strong> a partir da data de recebimento da sua solicita\u00e7\u00e3o.<\/p>\n\n\n\n<div style=\"height:30px\" aria-hidden=\"true\" class=\"wp-block-spacer\"><\/div>\n\n\n\n<hr class=\"wp-block-separator has-alpha-channel-opacity is-style-default\"\/>\n\n\n\n<div style=\"height:50px\" aria-hidden=\"true\" class=\"wp-block-spacer\"><\/div>\n\n\n\n<h4 class=\"wp-block-heading\"><strong>COMENT\u00c1RIOS<\/strong><\/h4>\n\n\n\n<p>Quando os visitantes deixam coment\u00e1rios no site, coletamos os dados exibidos no formul\u00e1rio de coment\u00e1rios, bem como o endere\u00e7o IP do visitante e a string do agente do usu\u00e1rio do navegador para ajudar na detec\u00e7\u00e3o de spam.<\/p>\n\n\n\n<p>Uma string an\u00f4nima criada a partir do seu endere\u00e7o de e-mail (tamb\u00e9m chamada de <em>hash<\/em>) pode ser fornecido ao servi\u00e7o Gravatar para verificar se o senhor o est\u00e1 usando. A pol\u00edtica de privacidade do servi\u00e7o Gravatar est\u00e1 dispon\u00edvel aqui:\u00a0<a href=\"https:\/\/automattic.com\/privacy\/\">https:\/\/automattic.com\/privacy\/<\/a>.<\/p>\n\n\n\n<p>Ap\u00f3s a aprova\u00e7\u00e3o do seu coment\u00e1rio, sua foto de perfil ficar\u00e1 vis\u00edvel para o p\u00fablico no contexto do seu coment\u00e1rio.<\/p>\n\n\n\n<div style=\"height:30px\" aria-hidden=\"true\" class=\"wp-block-spacer\"><\/div>\n\n\n\n<hr class=\"wp-block-separator has-alpha-channel-opacity is-style-default\"\/>\n\n\n\n<div style=\"height:50px\" aria-hidden=\"true\" class=\"wp-block-spacer\"><\/div>\n\n\n\n<h4 class=\"wp-block-heading\"><strong>M\u00cdDIA<\/strong><\/h4>\n\n\n\n<p>Se o senhor fizer upload de imagens para o site, deve evitar fazer upload de imagens que contenham dados de localiza\u00e7\u00e3o incorporados (EXIF GPS). Os visitantes do site podem fazer download e extrair quaisquer dados de localiza\u00e7\u00e3o das imagens publicadas no site.<\/p>\n\n\n\n<div style=\"height:30px\" aria-hidden=\"true\" class=\"wp-block-spacer\"><\/div>\n\n\n\n<hr class=\"wp-block-separator has-alpha-channel-opacity is-style-default\"\/>\n\n\n\n<div style=\"height:50px\" aria-hidden=\"true\" class=\"wp-block-spacer\"><\/div>\n\n\n\n<h4 class=\"wp-block-heading\"><strong>COOKIES<\/strong><\/h4>\n\n\n\n<p>Se o senhor deixar um coment\u00e1rio em nosso site, poder\u00e1 optar por salvar seu nome, endere\u00e7o de e-mail e site em <em>cookies<\/em>. Isso \u00e9 para sua conveni\u00eancia, para que o senhor n\u00e3o tenha que digitar novamente seus dados quando deixar outro coment\u00e1rio. O senhor est\u00e1 em <em>cookies<\/em> ter\u00e1 dura\u00e7\u00e3o de um ano.<\/p>\n\n\n\n<p>Se o senhor visitar nossa p\u00e1gina de login, configuraremos um <em>biscoito<\/em> para determinar se seu navegador aceita <em>cookies<\/em>. Este <em>biscoito<\/em> n\u00e3o cont\u00e9m dados pessoais e \u00e9 exclu\u00eddo quando o senhor fecha o navegador.<\/p>\n\n\n\n<p>Quando o senhor fizer login, tamb\u00e9m configuraremos v\u00e1rios <em>cookies<\/em> para salvar suas informa\u00e7\u00f5es de login e prefer\u00eancias de exibi\u00e7\u00e3o de tela. O <em>cookies<\/em> O per\u00edodo de login dura dois dias, e o <em>cookies<\/em> As op\u00e7\u00f5es de tela t\u00eam dura\u00e7\u00e3o de um ano. Se o senhor selecionar \"Remember me\", seu login persistir\u00e1 por duas semanas. Se o senhor sair da sua conta, o <em>cookies<\/em> os detalhes de login ser\u00e3o exclu\u00eddos.<\/p>\n\n\n\n<p>Se o senhor editar ou publicar um artigo, ele ser\u00e1 salvo como um <em>biscoito<\/em> em seu navegador. Este <em>biscoito<\/em> n\u00e3o inclui dados pessoais e simplesmente indica o ID de publica\u00e7\u00e3o do artigo que o senhor acabou de editar. Ele expira ap\u00f3s um dia.<\/p>\n\n\n\n<div style=\"height:30px\" aria-hidden=\"true\" class=\"wp-block-spacer\"><\/div>\n\n\n\n<hr class=\"wp-block-separator has-alpha-channel-opacity is-style-default\"\/>\n\n\n\n<div style=\"height:50px\" aria-hidden=\"true\" class=\"wp-block-spacer\"><\/div>\n\n\n\n<h4 class=\"wp-block-heading\"><strong>CONTE\u00daDO INCORPORADO DE OUTROS SITES<\/strong><\/h4>\n\n\n\n<p>Os artigos deste site podem incluir conte\u00fado incorporado (por exemplo, v\u00eddeos, imagens, artigos, etc.). O conte\u00fado incorporado de outros sites se comporta da mesma forma como se o visitante tivesse visitado o site diretamente.<\/p>\n\n\n\n<p>Esses sites podem coletar dados sobre o usu\u00e1rio, usar <em>cookies<\/em>incorporar rastreamento adicional de terceiros e monitorar sua intera\u00e7\u00e3o com esse conte\u00fado incorporado, inclusive rastrear sua intera\u00e7\u00e3o se o usu\u00e1rio tiver uma conta e estiver conectado a esse site.<\/p>\n\n\n\n<div style=\"height:30px\" aria-hidden=\"true\" class=\"wp-block-spacer\"><\/div>\n\n\n\n<hr class=\"wp-block-separator has-alpha-channel-opacity is-style-default\"\/>\n\n\n\n<div style=\"height:50px\" aria-hidden=\"true\" class=\"wp-block-spacer\"><\/div>\n\n\n\n<h4 class=\"wp-block-heading\"><strong>POR QUANTO TEMPO MANTEMOS SEUS DADOS<\/strong><\/h4>\n\n\n\n<p>Se o senhor deixar um coment\u00e1rio, o coment\u00e1rio e seus metadados ser\u00e3o mantidos indefinidamente. Isso serve para que possamos reconhecer e aprovar automaticamente qualquer coment\u00e1rio posterior, em vez de mant\u00ea-los em uma fila de modera\u00e7\u00e3o.<\/p>\n\n\n\n<p>Para os usu\u00e1rios que se registram em nosso site (se houver), tamb\u00e9m armazenamos as informa\u00e7\u00f5es pessoais que eles fornecem em seu perfil de usu\u00e1rio. Todos os usu\u00e1rios podem visualizar, editar ou excluir suas informa\u00e7\u00f5es pessoais a qualquer momento (exceto o nome de usu\u00e1rio, que n\u00e3o pode ser alterado). Os administradores do site tamb\u00e9m podem visualizar e editar essas informa\u00e7\u00f5es.<\/p>\n\n\n\n<div style=\"height:30px\" aria-hidden=\"true\" class=\"wp-block-spacer\"><\/div>\n\n\n\n<hr class=\"wp-block-separator has-alpha-channel-opacity is-style-default\"\/>\n\n\n\n<div style=\"height:50px\" aria-hidden=\"true\" class=\"wp-block-spacer\"><\/div>\n\n\n\n<p>Data da \u00faltima atualiza\u00e7\u00e3o: <strong>04 de julho de 2025<\/strong><\/p>","protected":false},"excerpt":{"rendered":"<p>IDENTIDAD Y DOMICILIO DEL RESPONSABLE Con fundamento en los art\u00edculos 15 y 16 de la Ley Federal de Protecci\u00f3n de Datos Personales en Posesi\u00f3n de los Particulares y su Reglamento, se informa que Zombusiness S. A. de C. V., empresa legalmente constituida y titular de la marca registrada ComproDiverso, con domicilio en Torre Chapultepec Uno, [&hellip;]<\/p>\n","protected":false},"author":1,"featured_media":0,"parent":0,"menu_order":0,"comment_status":"closed","ping_status":"closed","template":"","meta":{"footnotes":""},"class_list":["post-3","page","type-page","status-publish","hentry"],"_links":{"self":[{"href":"https:\/\/comprodiverso.com\/pt\/wp-json\/wp\/v2\/pages\/3","targetHints":{"allow":["GET"]}}],"collection":[{"href":"https:\/\/comprodiverso.com\/pt\/wp-json\/wp\/v2\/pages"}],"about":[{"href":"https:\/\/comprodiverso.com\/pt\/wp-json\/wp\/v2\/types\/page"}],"author":[{"embeddable":true,"href":"https:\/\/comprodiverso.com\/pt\/wp-json\/wp\/v2\/users\/1"}],"replies":[{"embeddable":true,"href":"https:\/\/comprodiverso.com\/pt\/wp-json\/wp\/v2\/comments?post=3"}],"version-history":[{"count":5,"href":"https:\/\/comprodiverso.com\/pt\/wp-json\/wp\/v2\/pages\/3\/revisions"}],"predecessor-version":[{"id":3071,"href":"https:\/\/comprodiverso.com\/pt\/wp-json\/wp\/v2\/pages\/3\/revisions\/3071"}],"wp:attachment":[{"href":"https:\/\/comprodiverso.com\/pt\/wp-json\/wp\/v2\/media?parent=3"}],"curies":[{"name":"wp","href":"https:\/\/api.w.org\/{rel}","templated":true}]}}